{"id":514,"date":"2015-12-22T12:58:52","date_gmt":"2015-12-22T12:58:52","guid":{"rendered":"http:\/\/www.esmer-benin.org\/?page_id=514"},"modified":"2015-12-22T13:09:11","modified_gmt":"2015-12-22T13:09:11","slug":"edito","status":"publish","type":"page","link":"https:\/\/esmer-benin.org\/home\/edito\/","title":{"rendered":"Edito"},"content":{"rendered":"<p>L\u2019Afrique est le seul continent dont le taux d\u2019\u00e9lectrification est tr\u00e8s bas. Dans les grandes villes africaines, les d\u00e9lestages sont courants. Ce qui montre le d\u00e9ficit \u00e9nerg\u00e9tique du continent et freine \u00e9norm\u00e9ment son d\u00e9veloppement socio-\u00e9conomique. Pourtant, l\u2019Afrique avec son \u00e9norme potentiel en \u00e9nergies renouvelables, peut relever ais\u00e9ment ces d\u00e9fis \u00e9nerg\u00e9tiques. Comment r\u00e9soudre ces probl\u00e8mes \u00e9nerg\u00e9tiques sans proposer des solutions et approches innovantes en lien avec les r\u00e9alit\u00e9s de nos pays\u00a0? Comment relever le d\u00e9fi du changement climatique sans valoriser davantage et par des comp\u00e9tences locales les immenses et diverses ressources \u00e9nerg\u00e9tiques dont regorge l\u2019Afrique\u00a0?<\/p>\n<p>La cr\u00e9ation de l\u2019Ecole Sup\u00e9rieure des M\u00e9tiers des Energies Renouvelables (ESMER) contribue, de mani\u00e8re pertinente et concr\u00e8te, \u00e0 relever les pr\u00e9sents et futurs d\u00e9fis qui s\u2019imposent au continent. Avec cette nouvelle \u00e9cole, le chapitre de l\u2019histoire de la transition \u00e9nerg\u00e9tique africaine va s\u2019\u00e9crire avec pragmatisme. Nous sommes heureux et fiers de pouvoir partager avec vous cette conviction.<\/p>\n<p>L\u2019Ecole Sup\u00e9rieure des M\u00e9tiers des Energies Renouvelables (ESMER) est la premi\u00e8re institution priv\u00e9e africaine d\u2019enseignement sup\u00e9rieur, \u00e0 notre connaissance, d\u00e9vou\u00e9e exclusivement \u00e0 la formation aux m\u00e9tiers des \u00e9nergies renouvelables avec une sp\u00e9cialisation de haut niveau sur le solaire photovolta\u00efque et thermique, l\u2019\u00e9olien, l\u2019hydraulique, la biomasse, etc.<\/p>\n<p>En dehors de son cadre, qui se r\u00e9v\u00e8le aujourd\u2019hui \u00eatre le premier b\u00e2timent \u00e0 \u00e9nergie positive et cent pour cent vert au B\u00e9nin, vous trouverez \u00e0 ESMER un personnel tr\u00e8s d\u00e9vou\u00e9 et un corps enseignant compos\u00e9 d\u2019experts chevronn\u00e9s et de haut niveau. En t\u00e9moigne, la qualit\u00e9 des membres de son Conseil Scientifique et P\u00e9dagogique compos\u00e9 de quatorze (14) nationalit\u00e9s diff\u00e9rentes, tous sp\u00e9cialistes de haut rang dans leur domaine.<\/p>\n<p>En choisissant ESMER, vous\u00a0 rejoignez une \u00e9quipe tr\u00e8s dynamique qui a d\u00e9cid\u00e9 d\u2019entrer dans le monde de l\u2019\u00e9nergie durable. Vous rejoignez une \u00e9quipe comp\u00e9tente, qui innove et qui cr\u00e9e les conditions d\u2019une Afrique nouvelle capable de relever ses d\u00e9fis \u00e9nerg\u00e9tiques. Se faire former \u00e0 ESMER, c\u2019est s\u2019ouvrir \u00e9galement au monde.<\/p>\n<p>Je suis persuad\u00e9 que cela est aussi votre ambition, bienvenu donc \u00e0 ESMER\u00a0!<\/p>\n","protected":false},"excerpt":{"rendered":"<p>L\u2019Afrique est le seul continent dont le taux d\u2019\u00e9lectrification est tr\u00e8s bas. Dans les grandes villes africaines, les d\u00e9lestages sont courants. Ce qui montre le d\u00e9ficit \u00e9nerg\u00e9tique du continent et freine \u00e9norm\u00e9ment son d\u00e9veloppement socio-\u00e9conomique. Pourtant, l\u2019Afrique avec son \u00e9norme potentiel en \u00e9nergies renouvelables, peut relever ais\u00e9ment ces d\u00e9fis \u00e9nerg\u00e9tiques. Comment r\u00e9soudre ces probl\u00e8mes \u00e9nerg\u00e9tiques&#8230;<\/p>\n","protected":false},"author":1,"featured_media":515,"parent":0,"menu_order":0,"comment_status":"closed","ping_status":"closed","template":"templates\/edito.php","meta":{"footnotes":""},"class_list":["post-514","page","type-page","status-publish","has-post-thumbnail","hentry"],"_links":{"self":[{"href":"https:\/\/esmer-benin.org\/home\/wp-json\/wp\/v2\/pages\/514","targetHints":{"allow":["GET"]}}],"collection":[{"href":"https:\/\/esmer-benin.org\/home\/wp-json\/wp\/v2\/pages"}],"about":[{"href":"https:\/\/esmer-benin.org\/home\/wp-json\/wp\/v2\/types\/page"}],"author":[{"embeddable":true,"href":"https:\/\/esmer-benin.org\/home\/wp-json\/wp\/v2\/users\/1"}],"replies":[{"embeddable":true,"href":"https:\/\/esmer-benin.org\/home\/wp-json\/wp\/v2\/comments?post=514"}],"version-history":[{"count":1,"href":"https:\/\/esmer-benin.org\/home\/wp-json\/wp\/v2\/pages\/514\/revisions"}],"predecessor-version":[{"id":516,"href":"https:\/\/esmer-benin.org\/home\/wp-json\/wp\/v2\/pages\/514\/revisions\/516"}],"wp:featuredmedia":[{"embeddable":true,"href":"https:\/\/esmer-benin.org\/home\/wp-json\/wp\/v2\/media\/515"}],"wp:attachment":[{"href":"https:\/\/esmer-benin.org\/home\/wp-json\/wp\/v2\/media?parent=514"}],"curies":[{"name":"wp","href":"https:\/\/api.w.org\/{rel}","templated":true}]}}